{"id":1098,"date":"2020-07-29T17:42:22","date_gmt":"2020-07-29T14:42:22","guid":{"rendered":"https:\/\/orthodontiste-nussbaumer-strasbourg.fr\/legal-notice\/"},"modified":"2020-07-29T17:42:22","modified_gmt":"2020-07-29T14:42:22","slug":"legal-notice","status":"publish","type":"page","link":"https:\/\/orthodontiste-nussbaumer-strasbourg.fr\/en\/legal-notice\/","title":{"rendered":"Legal Notice"},"content":{"rendered":"<p>La consultation de ce site internet suppose l\u2019acceptation pleine et sans r\u00e9serves des mentions suivantes.<\/p>\n<h2>Propri\u00e9t\u00e9 du site<\/h2>\n<p>Le site <a href=\"https:\/\/orthodontiste-nussbaumer-strasbourg.fr\/\">https:\/\/orthodontiste-nussbaumer-strasbourg.fr<\/a>est la propri\u00e9t\u00e9 de la Soci\u00e9t\u00e9 d\u2019exercice lib\u00e9ral \u00e0 responsabilit\u00e9 limit\u00e9e des <b>Drs Jacques Nussbaumer et Val\u00e9rie Diop <\/b>, chirurgiens-dentistes enregistr\u00e9s au r\u00e9pertoire partag\u00e9 des professionnels de sant\u00e9 (RPPS) sous les num\u00e9ros 10003561791 et 10101263407.<\/p>\n<h2>Si\u00e8ge social<\/h2>\n<p>Cabinet d\u2019Orthodontie Dr Jacques Nussbaumer<br \/>\n21, Quai Rouget de Lisle<br \/>\n67000 &#8211; Strasbourg<br \/>\nT\u00e9l. : 03 88 75 65 01<br \/>\nAPE : Pratique dentaire<\/p>\n<h2>D\u00e9veloppement du site<\/h2>\n<p>Le site <a title=\"1\" href=\"https:\/\/orthodontiste-nussbaumer-strasbourg.fr\" target=\"_blank\" rel=\"noopener noreferrer\"> https:\/\/orthodontiste-nussbaumer-strasbourg.fr <\/a> est d\u00e9velopp\u00e9 et maintenu par la soci\u00e9t\u00e9 <b>Mediweb<\/b>.<\/p>\n<p>Mediweb<br \/>\n32, boulevard du Pr\u00e9sident Poincar\u00e9<br \/>\n67000 Strasbourg<br \/>\n<a title=\"Mediweb\" href=\"https:\/\/www.mediweb.co\" target=\"_blank\" rel=\"noopener noreferrer\">www.mediweb.co<\/a><\/p>\n<h2>H\u00e9bergement du site<\/h2>\n<p>Le site <a title=\"Cabinet d\u2019Orthodontie Dr Jacques Nussbaumer\" href=\"https:\/\/orthodontiste-nussbaumer-strasbourg.fr\" target=\"_blank\" rel=\"noopener noreferrer\"> https:\/\/orthodontiste-nussbaumer-strasbourg.fr <\/a> est h\u00e9berg\u00e9 par la soci\u00e9t\u00e9 :<\/p>\n<p>OVH SAS<br \/>\n2 rue Kellermann<br \/>\n59100 Roubaix<\/p>\n<h2>\u00c9diteur du site<\/h2>\n<p>Le contenu du site <a title=\"Cabinet d\u2019Orthodontie Dr Jacques Nussbaumer\" href=\"https:\/\/orthodontiste-nussbaumer-strasbourg.fr\" target=\"_blank\" rel=\"noopener noreferrer\">https:\/\/orthodontiste-nussbaumer-strasbourg.fr<\/a> est \u00e9dit\u00e9 par les Drs Jacques Nussbaumer et Val\u00e9rie Diop qui assurent le r\u00f4le des Directeurs de la Publication.<\/p>\n<h2>Propri\u00e9t\u00e9 intellectuelle<\/h2>\n<p>Les Drs Jacques Nussbaumer et Val\u00e9rie Diop sont propri\u00e9taires de la structure et de tous les contenus disponibles du site <a title=\"Cabinet d\u2019Orthodontie Dr Jacques Nussbaumer\" href=\"https:\/\/orthodontiste-nussbaumer-strasbourg.fr\" target=\"_blank\" rel=\"noopener noreferrer\">https:\/\/orthodontiste-nussbaumer-strasbourg.fr<\/a> : textes, images, illustrations, logos, fichiers et bases de donn\u00e9es. Toute reproduction ou distribution, totale ou partielle, sans autorisation pr\u00e9alable est strictement interdite.<\/p>\n<h2>Liens<\/h2>\n<p>Ordre National des Chirurgiens-Dentistes (ONCD) : <a title=\"ONCD\" href=\"https:\/\/www.ordre-chirurgiens-dentistes.fr\" target=\"_blank\" rel=\"noopener noreferrer\">www.ordre-chirurgiens-dentistes.fr<\/a><\/p>\n<div style=\"border:#6d2077 solid 3px;color: rgb(103, 103, 103);padding: 4%;margin-bottom:2%;background-color:#fff;text-align:left;min-height:550px; margin-right:1%;width:100%; margin:0 auto; font-family:'Helvetica 45 Light', Helvetica, sans-serif;\">\n<p>\t\t<strong>DOCTEUR : <\/strong> <\/p>\n<div style=\"width:40px; float:left; padding-right:10px;\"><img loading=\"lazy\" decoding=\"async\" src=\"http:\/\/www.ordre-chirurgiens-dentistes.fr\/banniere\/images\/LOGO_ORDRE_40.png\" width=\"40\" height=\"41\" alt=\"Legal Notice\"><\/div>\n<div style=\"padding-left:50px;\">Nom : NUSSBAUMER<br \/>\n        Pr\u00e9nom : Jacques <br \/>\n        N\u00b0 RPPS : 10003561791<\/div>\n<p>         Les informations \u00e9nonc\u00e9es ci-dessous rel\u00e8vent de la responsabilit\u00e9 pleine de ce praticien<br \/>\n          <\/p>\n<div class=\"spec\" style=\"border: 1px solid rgb(0, 0, 0); margin: 5px 0px; padding: 10px; text-align: left; background-color: rgba(0, 0, 0, 0); color: rgb(103, 103, 103);\">\n             <strong>SP\u00c9CIALISTE QUALIFI\u00c9(E)<\/strong> en : <\/p>\n<p>             <input type=\"checkbox\" id=\"specialiste1\" disabled=\"\"><label for=\"specialiste1\">Chirurgie orale<\/label><br \/>\n             <br \/> <br \/>\n             <input type=\"checkbox\" id=\"specialiste2\" disabled=\"\"><label for=\"specialiste2\">M\u00e9decine bucco-dentaire<\/label><br \/>\n             <br \/> <br \/>\n             <input type=\"checkbox\" id=\"specialiste3\" checked disabled=\"\"><label for=\"specialiste3\">Orthop\u00e9die dento-faciale | Orthodontie<\/label><\/p>\n<p>Ces sp\u00e9cialit\u00e9s sont reconnues par Le Conseil national de l\u2019ordre.\n         <\/p><\/div>\n<div class=\"omni\" style=\"border: 1px solid rgb(0, 0, 0); margin: 5px 0px; padding: 10px; text-align: left; background-color: rgba(0, 0, 0, 0.1); color: rgb(255, 255, 255);\">\n             <strong>OMNIPRATICIEN<\/strong><br \/>\n             Orientations professionnelles des disciplines odontologiques :<\/p>\n<p>             <input type=\"checkbox\" id=\"omni1\" disabled=\"\"><label for=\"omni1\">Omnipratique (r\u00e9alisation de l\u2019ensemble des orientations)<\/label><br \/>\n             <input type=\"checkbox\" id=\"omni2\" disabled=\"\"><label for=\"omni2\">Endodontie<\/label><br \/>\n             <input type=\"checkbox\" id=\"omni3\" disabled=\"\"><label for=\"omni3\">Odontologie chirurgicale<\/label><br \/>\n             <input type=\"checkbox\" id=\"omni4\" disabled=\"\"><label for=\"omni4\">Odontologie conservatrice<\/label><br \/>\n             <input type=\"checkbox\" id=\"omni5\" disabled=\"\"><label for=\"omni5\">Odontologie p\u00e9diatrique<\/label><br \/>\n             <input type=\"checkbox\" id=\"omni6\" disabled=\"\"><label for=\"omni6\">Orthodontie<\/label><br \/>\n             <input type=\"checkbox\" id=\"omni7\" disabled=\"\"><label for=\"omni7\">Parodontologie<\/label><br \/>\n             <input type=\"checkbox\" id=\"omni8\" disabled=\"\"><label for=\"omni8\">Proth\u00e8se<\/label><br \/>\n             <input type=\"checkbox\" id=\"omni9\" disabled=\"\"><label for=\"omni9\">Traitement des dysfonctions oro-faciales<\/label><\/p>\n<p class=\"just\">Les orientations professionnelles ne sont ni une sp\u00e9cialit\u00e9 reconnue, ni une comp\u00e9tence.<br \/>\n             Il s\u2019agit d\u2019une pratique personnelle d\u00e9clarative non attest\u00e9e par Le Conseil national de l\u2019ordre.<\/p>\n<\/p><\/div>\n<\/p><\/div>\n<div style=\"border:#6d2077 solid 3px;color: rgb(103, 103, 103);padding: 4%;margin-bottom:2%;background-color:#fff;text-align:left;min-height:550px; margin-right:1%;width:100%; margin:0 auto; font-family:'Helvetica 45 Light', Helvetica, sans-serif;\">\n<p>\t\t<strong>DOCTEUR : <\/strong> <\/p>\n<div style=\"width:40px; float:left; padding-right:10px;\"><img loading=\"lazy\" decoding=\"async\" src=\"http:\/\/www.ordre-chirurgiens-dentistes.fr\/banniere\/images\/LOGO_ORDRE_40.png\" width=\"40\" height=\"41\" alt=\"Legal Notice\"><\/div>\n<div style=\"padding-left:50px;\">Nom : DIOP<br \/>\n        Pr\u00e9nom : Val\u00e9rie<br \/>\n        N\u00b0 RPPS : 10101263407<\/div>\n<p>         Les informations \u00e9nonc\u00e9es ci-dessous rel\u00e8vent de la responsabilit\u00e9 pleine de ce praticien<br \/>\n          <\/p>\n<div class=\"spec\" style=\"border: 1px solid rgb(0, 0, 0); margin: 5px 0px; padding: 10px; text-align: left; background-color: rgba(0, 0, 0, 0); color: rgb(103, 103, 103);\">\n             <strong>SP\u00c9CIALISTE QUALIFI\u00c9(E)<\/strong> en : <\/p>\n<p>             <input type=\"checkbox\" id=\"specialiste1\" disabled=\"\"><label for=\"specialiste1\">Chirurgie orale<\/label><br \/>\n             <br \/> <br \/>\n             <input type=\"checkbox\" id=\"specialiste2\" disabled=\"\"><label for=\"specialiste2\">M\u00e9decine bucco-dentaire<\/label><br \/>\n             <br \/> <br \/>\n             <input type=\"checkbox\" id=\"specialiste3\" checked disabled=\"\"><label for=\"specialiste3\">Orthop\u00e9die dento-faciale | Orthodontie<\/label><\/p>\n<p>Ces sp\u00e9cialit\u00e9s sont reconnues par Le Conseil national de l\u2019ordre.\n         <\/p><\/div>\n<div class=\"omni\" style=\"border: 1px solid rgb(0, 0, 0); margin: 5px 0px; padding: 10px; text-align: left; background-color: rgba(0, 0, 0, 0.1); color: rgb(255, 255, 255);\">\n             <strong>OMNIPRATICIEN<\/strong><br \/>\n             Orientations professionnelles des disciplines odontologiques :<\/p>\n<p>             <input type=\"checkbox\" id=\"omni1\" disabled=\"\"><label for=\"omni1\">Omnipratique (r\u00e9alisation de l\u2019ensemble des orientations)<\/label><br \/>\n             <input type=\"checkbox\" id=\"omni2\" disabled=\"\"><label for=\"omni2\">Endodontie<\/label><br \/>\n             <input type=\"checkbox\" id=\"omni3\" disabled=\"\"><label for=\"omni3\">Odontologie chirurgicale<\/label><br \/>\n             <input type=\"checkbox\" id=\"omni4\" disabled=\"\"><label for=\"omni4\">Odontologie conservatrice<\/label><br \/>\n             <input type=\"checkbox\" id=\"omni5\" disabled=\"\"><label for=\"omni5\">Odontologie p\u00e9diatrique<\/label><br \/>\n             <input type=\"checkbox\" id=\"omni6\" disabled=\"\"><label for=\"omni6\">Orthodontie<\/label><br \/>\n             <input type=\"checkbox\" id=\"omni7\" disabled=\"\"><label for=\"omni7\">Parodontologie<\/label><br \/>\n             <input type=\"checkbox\" id=\"omni8\" disabled=\"\"><label for=\"omni8\">Proth\u00e8se<\/label><br \/>\n             <input type=\"checkbox\" id=\"omni9\" disabled=\"\"><label for=\"omni9\">Traitement des dysfonctions oro-faciales<\/label><\/p>\n<p class=\"just\">Les orientations professionnelles ne sont ni une sp\u00e9cialit\u00e9 reconnue, ni une comp\u00e9tence.<br \/>\n             Il s\u2019agit d\u2019une pratique personnelle d\u00e9clarative non attest\u00e9e par Le Conseil national de l\u2019ordre.<\/p>\n<\/p><\/div>\n<\/p><\/div>\n","protected":false},"excerpt":{"rendered":"<p>La consultation de ce site internet suppose l\u2019acceptation pleine et sans r\u00e9serves des mentions suivantes. Propri\u00e9t\u00e9 du site Le site https:\/\/orthodontiste-nussbaumer-strasbourg.frest la propri\u00e9t\u00e9 de la Soci\u00e9t\u00e9 d\u2019exercice lib\u00e9ral \u00e0 responsabilit\u00e9 limit\u00e9e des Drs Jacques Nussbaumer et Val\u00e9rie Diop , chirurgiens-dentistes&#8230;<\/p>\n","protected":false},"author":1,"featured_media":0,"parent":0,"menu_order":0,"comment_status":"closed","ping_status":"closed","template":"","meta":{"footnotes":""},"acf":[],"yoast_head":"\n<title>Legal Notice | Dr Jacques Nussbaumer | Orthodontiste \u00e0 Strasbourg (67000)<\/title>\n<meta name=\"robots\" content=\"index, follow, max-snippet:-1, max-image-preview:large, max-video-preview:-1\" \/>\n<link rel=\"canonical\" href=\"https:\/\/orthodontiste-nussbaumer-strasbourg.fr\/en\/legal-notice\/\" \/>\n<meta property=\"og:locale\" content=\"en_US\" \/>\n<meta property=\"og:type\" content=\"article\" \/>\n<meta property=\"og:title\" content=\"Legal Notice | Dr Jacques Nussbaumer | Orthodontiste \u00e0 Strasbourg (67000)\" \/>\n<meta property=\"og:description\" content=\"La consultation de ce site internet suppose l\u2019acceptation pleine et sans r\u00e9serves des mentions suivantes. Propri\u00e9t\u00e9 du site Le site https:\/\/orthodontiste-nussbaumer-strasbourg.frest la propri\u00e9t\u00e9 de la Soci\u00e9t\u00e9 d\u2019exercice lib\u00e9ral \u00e0 responsabilit\u00e9 limit\u00e9e des Drs Jacques Nussbaumer et Val\u00e9rie Diop , chirurgiens-dentistes...\" \/>\n<meta property=\"og:url\" content=\"https:\/\/orthodontiste-nussbaumer-strasbourg.fr\/en\/legal-notice\/\" \/>\n<meta property=\"og:site_name\" content=\"Dr Jacques Nussbaumer | Orthodontiste \u00e0 Strasbourg (67000)\" \/>\n<meta property=\"og:image\" content=\"http:\/\/www.ordre-chirurgiens-dentistes.fr\/banniere\/images\/LOGO_ORDRE_40.png\" \/>\n<meta name=\"twitter:card\" content=\"summary_large_image\" \/>\n<meta name=\"twitter:label1\" content=\"Est. reading time\" \/>\n\t<meta name=\"twitter:data1\" content=\"2 minutes\" \/>\n<script type=\"application\/ld+json\" class=\"yoast-schema-graph\">{\"@context\":\"https:\/\/schema.org\",\"@graph\":[{\"@type\":\"WebPage\",\"@id\":\"https:\/\/orthodontiste-nussbaumer-strasbourg.fr\/en\/legal-notice\/\",\"url\":\"https:\/\/orthodontiste-nussbaumer-strasbourg.fr\/en\/legal-notice\/\",\"name\":\"Legal Notice | Dr Jacques Nussbaumer | Orthodontiste \u00e0 Strasbourg (67000)\",\"isPartOf\":{\"@id\":\"https:\/\/orthodontiste-nussbaumer-strasbourg.fr\/en\/#website\"},\"datePublished\":\"2020-07-29T14:42:22+00:00\",\"dateModified\":\"2020-07-29T14:42:22+00:00\",\"breadcrumb\":{\"@id\":\"https:\/\/orthodontiste-nussbaumer-strasbourg.fr\/en\/legal-notice\/#breadcrumb\"},\"inLanguage\":\"en-US\",\"potentialAction\":[{\"@type\":\"ReadAction\",\"target\":[\"https:\/\/orthodontiste-nussbaumer-strasbourg.fr\/en\/legal-notice\/\"]}]},{\"@type\":\"BreadcrumbList\",\"@id\":\"https:\/\/orthodontiste-nussbaumer-strasbourg.fr\/en\/legal-notice\/#breadcrumb\",\"itemListElement\":[{\"@type\":\"ListItem\",\"position\":1,\"name\":\"Accueil\",\"item\":\"https:\/\/orthodontiste-nussbaumer-strasbourg.fr\/en\/\"},{\"@type\":\"ListItem\",\"position\":2,\"name\":\"Legal Notice\"}]},{\"@type\":\"WebSite\",\"@id\":\"https:\/\/orthodontiste-nussbaumer-strasbourg.fr\/en\/#website\",\"url\":\"https:\/\/orthodontiste-nussbaumer-strasbourg.fr\/en\/\",\"name\":\"Dr Jacques Nussbaumer | Orthodontiste \u00e0 Strasbourg (67000)\",\"description\":\"Dr Jacques Nussbaumer | Orthodontiste \u00e0 Strasbourg (67000)\",\"publisher\":{\"@id\":\"https:\/\/orthodontiste-nussbaumer-strasbourg.fr\/en\/#organization\"},\"potentialAction\":[{\"@type\":\"SearchAction\",\"target\":{\"@type\":\"EntryPoint\",\"urlTemplate\":\"https:\/\/orthodontiste-nussbaumer-strasbourg.fr\/en\/?s={search_term_string}\"},\"query-input\":\"required name=search_term_string\"}],\"inLanguage\":\"en-US\"},{\"@type\":\"Organization\",\"@id\":\"https:\/\/orthodontiste-nussbaumer-strasbourg.fr\/en\/#organization\",\"name\":\"Drs Jacques Nussbaumer et Valerie Diop | Orthodontistes \u00e0 Strasbourg (67000)\",\"url\":\"https:\/\/orthodontiste-nussbaumer-strasbourg.fr\/en\/\",\"logo\":{\"@type\":\"ImageObject\",\"inLanguage\":\"en-US\",\"@id\":\"https:\/\/orthodontiste-nussbaumer-strasbourg.fr\/en\/#\/schema\/logo\/image\/\",\"url\":\"https:\/\/orthodontiste-nussbaumer-strasbourg.fr\/wp-content\/uploads\/2019\/01\/logo_nav.png\",\"contentUrl\":\"https:\/\/orthodontiste-nussbaumer-strasbourg.fr\/wp-content\/uploads\/2019\/01\/logo_nav.png\",\"width\":295,\"height\":70,\"caption\":\"Drs Jacques Nussbaumer et Valerie Diop | Orthodontistes \u00e0 Strasbourg (67000)\"},\"image\":{\"@id\":\"https:\/\/orthodontiste-nussbaumer-strasbourg.fr\/en\/#\/schema\/logo\/image\/\"}}]}<\/script>\n","yoast_head_json":{"title":"Legal Notice | Dr Jacques Nussbaumer | Orthodontiste \u00e0 Strasbourg (67000)","robots":{"index":"index","follow":"follow","max-snippet":"max-snippet:-1","max-image-preview":"max-image-preview:large","max-video-preview":"max-video-preview:-1"},"canonical":"https:\/\/orthodontiste-nussbaumer-strasbourg.fr\/en\/legal-notice\/","og_locale":"en_US","og_type":"article","og_title":"Legal Notice | Dr Jacques Nussbaumer | Orthodontiste \u00e0 Strasbourg (67000)","og_description":"La consultation de ce site internet suppose l\u2019acceptation pleine et sans r\u00e9serves des mentions suivantes. Propri\u00e9t\u00e9 du site Le site https:\/\/orthodontiste-nussbaumer-strasbourg.frest la propri\u00e9t\u00e9 de la Soci\u00e9t\u00e9 d\u2019exercice lib\u00e9ral \u00e0 responsabilit\u00e9 limit\u00e9e des Drs Jacques Nussbaumer et Val\u00e9rie Diop , chirurgiens-dentistes...","og_url":"https:\/\/orthodontiste-nussbaumer-strasbourg.fr\/en\/legal-notice\/","og_site_name":"Dr Jacques Nussbaumer | Orthodontiste \u00e0 Strasbourg (67000)","og_image":[{"url":"http:\/\/www.ordre-chirurgiens-dentistes.fr\/banniere\/images\/LOGO_ORDRE_40.png"}],"twitter_card":"summary_large_image","twitter_misc":{"Est. reading time":"2 minutes"},"schema":{"@context":"https:\/\/schema.org","@graph":[{"@type":"WebPage","@id":"https:\/\/orthodontiste-nussbaumer-strasbourg.fr\/en\/legal-notice\/","url":"https:\/\/orthodontiste-nussbaumer-strasbourg.fr\/en\/legal-notice\/","name":"Legal Notice | Dr Jacques Nussbaumer | Orthodontiste \u00e0 Strasbourg (67000)","isPartOf":{"@id":"https:\/\/orthodontiste-nussbaumer-strasbourg.fr\/en\/#website"},"datePublished":"2020-07-29T14:42:22+00:00","dateModified":"2020-07-29T14:42:22+00:00","breadcrumb":{"@id":"https:\/\/orthodontiste-nussbaumer-strasbourg.fr\/en\/legal-notice\/#breadcrumb"},"inLanguage":"en-US","potentialAction":[{"@type":"ReadAction","target":["https:\/\/orthodontiste-nussbaumer-strasbourg.fr\/en\/legal-notice\/"]}]},{"@type":"BreadcrumbList","@id":"https:\/\/orthodontiste-nussbaumer-strasbourg.fr\/en\/legal-notice\/#breadcrumb","itemListElement":[{"@type":"ListItem","position":1,"name":"Accueil","item":"https:\/\/orthodontiste-nussbaumer-strasbourg.fr\/en\/"},{"@type":"ListItem","position":2,"name":"Legal Notice"}]},{"@type":"WebSite","@id":"https:\/\/orthodontiste-nussbaumer-strasbourg.fr\/en\/#website","url":"https:\/\/orthodontiste-nussbaumer-strasbourg.fr\/en\/","name":"Dr Jacques Nussbaumer | Orthodontiste \u00e0 Strasbourg (67000)","description":"Dr Jacques Nussbaumer | Orthodontiste \u00e0 Strasbourg (67000)","publisher":{"@id":"https:\/\/orthodontiste-nussbaumer-strasbourg.fr\/en\/#organization"},"potentialAction":[{"@type":"SearchAction","target":{"@type":"EntryPoint","urlTemplate":"https:\/\/orthodontiste-nussbaumer-strasbourg.fr\/en\/?s={search_term_string}"},"query-input":"required name=search_term_string"}],"inLanguage":"en-US"},{"@type":"Organization","@id":"https:\/\/orthodontiste-nussbaumer-strasbourg.fr\/en\/#organization","name":"Drs Jacques Nussbaumer et Valerie Diop | Orthodontistes \u00e0 Strasbourg (67000)","url":"https:\/\/orthodontiste-nussbaumer-strasbourg.fr\/en\/","logo":{"@type":"ImageObject","inLanguage":"en-US","@id":"https:\/\/orthodontiste-nussbaumer-strasbourg.fr\/en\/#\/schema\/logo\/image\/","url":"https:\/\/orthodontiste-nussbaumer-strasbourg.fr\/wp-content\/uploads\/2019\/01\/logo_nav.png","contentUrl":"https:\/\/orthodontiste-nussbaumer-strasbourg.fr\/wp-content\/uploads\/2019\/01\/logo_nav.png","width":295,"height":70,"caption":"Drs Jacques Nussbaumer et Valerie Diop | Orthodontistes \u00e0 Strasbourg (67000)"},"image":{"@id":"https:\/\/orthodontiste-nussbaumer-strasbourg.fr\/en\/#\/schema\/logo\/image\/"}}]}},"_links":{"self":[{"href":"https:\/\/orthodontiste-nussbaumer-strasbourg.fr\/en\/wp-json\/wp\/v2\/pages\/1098"}],"collection":[{"href":"https:\/\/orthodontiste-nussbaumer-strasbourg.fr\/en\/wp-json\/wp\/v2\/pages"}],"about":[{"href":"https:\/\/orthodontiste-nussbaumer-strasbourg.fr\/en\/wp-json\/wp\/v2\/types\/page"}],"author":[{"embeddable":true,"href":"https:\/\/orthodontiste-nussbaumer-strasbourg.fr\/en\/wp-json\/wp\/v2\/users\/1"}],"replies":[{"embeddable":true,"href":"https:\/\/orthodontiste-nussbaumer-strasbourg.fr\/en\/wp-json\/wp\/v2\/comments?post=1098"}],"version-history":[{"count":0,"href":"https:\/\/orthodontiste-nussbaumer-strasbourg.fr\/en\/wp-json\/wp\/v2\/pages\/1098\/revisions"}],"wp:attachment":[{"href":"https:\/\/orthodontiste-nussbaumer-strasbourg.fr\/en\/wp-json\/wp\/v2\/media?parent=1098"}],"curies":[{"name":"wp","href":"https:\/\/api.w.org\/{rel}","templated":true}]}}