{"id":1509,"date":"2020-08-03T09:44:54","date_gmt":"2020-08-03T06:44:54","guid":{"rendered":"https:\/\/orthodontiste-nussbaumer-strasbourg.fr\/?post_type=urgence&#038;p=1509"},"modified":"2021-03-12T22:05:40","modified_gmt":"2021-03-12T19:05:40","slug":"im-falle-eines-kieferorthopaedischen-notfalls","status":"publish","type":"urgence","link":"https:\/\/orthodontiste-nussbaumer-strasbourg.fr\/de\/urgence\/im-falle-eines-kieferorthopaedischen-notfalls\/","title":{"rendered":"IM FALLE EINES KIEFERORTHOP\u00c4DISCHEN NOTFALLS"},"content":{"rendered":"<ul>\n<li><strong>Unbehagen <\/strong><\/li>\n<\/ul>\n<p>Dies ist eine v\u00f6llig nat\u00fcrliche Reaktion in den ersten drei Tagen bis zu einer Woche nach dem Einf\u00fchren eines Fremdk\u00f6rpers in den Mund.<\/p>\n<p>Wenn Sie sich unwohl f\u00fchlen, mehr Speichel haben oder Ausspracheprobleme haben, machen Sie sich keine Sorgen. Nehmen Sie Ihr Unbehagen in Geduld. Die Anpassungsphase dauert nicht l\u00e4nger als zwei Wochen.<\/p>\n<p>&nbsp;<\/p>\n<ul>\n<li><strong>Schmerz <\/strong><\/li>\n<\/ul>\n<p>In den ersten drei Tagen bis zu einer Woche nach der Installation oder Aktivierung eines Ger\u00e4ts sind die Schmerzen normal. Sie wird w\u00e4hrend der Mahlzeiten maximal sein, daher empfehlen wir Ihnen, in den ersten Tagen vorzugsweise weiche Nahrungsmittel zu essen. Dann werden die Schmerzen im Laufe der Woche langsam nachlassen und zwischen dem<sup> 3.<\/sup> und 7. Tag vollst\u00e4ndig verschwinden.<\/p>\n<p>Drei L\u00f6sungen zur Bew\u00e4ltigung dieser Schmerzen:<\/p>\n<ul>\n<li>Immer mit der Ruhe.<\/li>\n<li>Nehmen Sie Paracetamol-Tabletten f\u00fcr maximal 3 Tage unter Beachtung der Dosen und der Zeit zwischen den einzelnen Dosen ein.<\/li>\n<li>Nehmen Sie Ibuprofen-Tabletten bis zu 3 Tage lang unter Beachtung der Dosierung und der Zeit zwischen den Dosierungen ein. Unter keinen Umst\u00e4nden sollte Ibuprofen t\u00e4glich w\u00e4hrend der gesamten Behandlungsdauer eingenommen werden, da dieses Medikament ein entz\u00fcndungshemmendes Mittel mit zwei Hauptrisiken ist: eine Infektion zu verdecken und die Zahnbewegung zu verlangsamen.<\/li>\n<\/ul>\n<p>Bei Schmerzen, die nach 7 Tagen nicht nachlassen, z\u00f6gern Sie nicht, das B\u00fcro zu kontaktieren, um einen Notfalltermin zu vereinbaren.<\/p>\n<p>&nbsp;<\/p>\n<ul>\n<li><strong>Irritation, vorstehender Bogen, Verletzen <\/strong><\/li>\n<\/ul>\n<p>Wenn die Schleimhaut Ihrer Lippen oder Wangen durch das Ger\u00e4t gereizt wird, empfehlen wir Ihnen, ein St\u00fcck Wachs auf den verletzten Teil des Ger\u00e4ts aufzutragen und ein heilendes und schmerzstillendes Gel auf den verletzten Teil Ihrer Schleimhaut aufzutragen.<\/p>\n<p>Das Wachs und die Heilsalbe werden Ihnen am Tag der Installation Ihres Ger\u00e4tes ausgeh\u00e4ndigt.<\/p>\n<p>Sollte sich die Schleimhaut trotz einiger Tage nicht an das Vorhandensein des Ger\u00e4tes angepasst haben, z\u00f6gern Sie nicht, sich an die Praxis zu wenden.<\/p>\n<p>Wir schneiden den Bogen, wenn er zu lang ist, oder wir erweichen den Teil des Ger\u00e4tes, der Sie st\u00f6rt, mit einem diskreten Schleifen.<\/p>\n<p><strong>\u00a0<\/strong><\/p>\n<ul>\n<li><strong>Entfernung eines kieferorthop\u00e4dischen Brackets <\/strong><\/li>\n<\/ul>\n<p>Bitte setzen Sie sich mit dem B\u00fcro in Verbindung, um uns \u00fcber den Umzug zu informieren, damit wir f\u00fcr Sie einen speziellen Termin vereinbaren oder Ihren n\u00e4chsten Termin verl\u00e4ngern k\u00f6nnen, um dieses Verfahren durchzuf\u00fchren.<\/p>\n<p>&nbsp;<\/p>\n<ul>\n<li><strong>Frakturierter Bogen, zerfallen <\/strong><\/li>\n<\/ul>\n<p>Bitte kontaktieren Sie die Firma, damit wir einen Notfalltermin vereinbaren k\u00f6nnen, um dieses Problem zu l\u00f6sen.<\/p>\n<p>&nbsp;<\/p>\n<ul>\n<li><strong>Verlust eines abnehmbaren Ger\u00e4ts<\/strong><\/li>\n<\/ul>\n<p>Bitte kontaktieren Sie die Firma, um einen Termin f\u00fcr die Herstellung eines neuen Ger\u00e4ts zu vereinbaren.<\/p>\n<p>Im Falle eines \u00fcberm\u00e4\u00dfigen Verlusts kann es sein, dass Sie f\u00fcr die Herstellung des neuen Ger\u00e4ts einen Aufpreis zahlen m\u00fcssen.<\/p>\n","protected":false},"excerpt":{"rendered":"<p>Unbehagen Dies ist eine v\u00f6llig nat\u00fcrliche Reaktion in den ersten drei Tagen bis zu einer Woche nach dem Einf\u00fchren eines Fremdk\u00f6rpers in den Mund. Wenn Sie sich unwohl f\u00fchlen, mehr Speichel haben oder Ausspracheprobleme haben, machen Sie sich keine Sorgen&#8230;.<\/p>\n","protected":false},"featured_media":1700,"menu_order":0,"template":"","meta":[],"acf":[],"yoast_head":"\n<title>IM FALLE EINES KIEFERORTHOP\u00c4DISCHEN NOTFALLS | Dr Jacques Nussbaumer | Orthodontiste \u00e0 Strasbourg (67000)<\/title>\n<meta name=\"robots\" content=\"index, follow, max-snippet:-1, max-image-preview:large, max-video-preview:-1\" \/>\n<link rel=\"canonical\" href=\"https:\/\/orthodontiste-nussbaumer-strasbourg.fr\/de\/urgence\/im-falle-eines-kieferorthopaedischen-notfalls\/\" \/>\n<meta property=\"og:locale\" content=\"de_DE\" \/>\n<meta property=\"og:type\" content=\"article\" \/>\n<meta property=\"og:title\" content=\"IM FALLE EINES KIEFERORTHOP\u00c4DISCHEN NOTFALLS | Dr Jacques Nussbaumer | Orthodontiste \u00e0 Strasbourg (67000)\" \/>\n<meta property=\"og:description\" content=\"Unbehagen Dies ist eine v\u00f6llig nat\u00fcrliche Reaktion in den ersten drei Tagen bis zu einer Woche nach dem Einf\u00fchren eines Fremdk\u00f6rpers in den Mund. Wenn Sie sich unwohl f\u00fchlen, mehr Speichel haben oder Ausspracheprobleme haben, machen Sie sich keine Sorgen....\" \/>\n<meta property=\"og:url\" content=\"https:\/\/orthodontiste-nussbaumer-strasbourg.fr\/de\/urgence\/im-falle-eines-kieferorthopaedischen-notfalls\/\" \/>\n<meta property=\"og:site_name\" content=\"Dr Jacques Nussbaumer | Orthodontiste \u00e0 Strasbourg (67000)\" \/>\n<meta property=\"article:modified_time\" content=\"2021-03-12T19:05:40+00:00\" \/>\n<meta property=\"og:image\" content=\"https:\/\/orthodontiste-nussbaumer-strasbourg.fr\/wp-content\/uploads\/2019\/04\/Dr-Jacques-Nussbaumer-URGENCE-ORTHODONTIQUE.jpg\" \/>\n\t<meta property=\"og:image:width\" content=\"966\" \/>\n\t<meta property=\"og:image:height\" content=\"416\" \/>\n\t<meta property=\"og:image:type\" content=\"image\/jpeg\" \/>\n<meta name=\"twitter:card\" content=\"summary_large_image\" \/>\n<meta name=\"twitter:label1\" content=\"Gesch\u00e4tzte Lesezeit\" \/>\n\t<meta name=\"twitter:data1\" content=\"2\u00a0Minuten\" \/>\n<script type=\"application\/ld+json\" class=\"yoast-schema-graph\">{\"@context\":\"https:\/\/schema.org\",\"@graph\":[{\"@type\":\"WebPage\",\"@id\":\"https:\/\/orthodontiste-nussbaumer-strasbourg.fr\/de\/urgence\/im-falle-eines-kieferorthopaedischen-notfalls\/\",\"url\":\"https:\/\/orthodontiste-nussbaumer-strasbourg.fr\/de\/urgence\/im-falle-eines-kieferorthopaedischen-notfalls\/\",\"name\":\"IM FALLE EINES KIEFERORTHOP\u00c4DISCHEN NOTFALLS | Dr Jacques Nussbaumer | Orthodontiste \u00e0 Strasbourg (67000)\",\"isPartOf\":{\"@id\":\"https:\/\/orthodontiste-nussbaumer-strasbourg.fr\/de\/#website\"},\"datePublished\":\"2020-08-03T06:44:54+00:00\",\"dateModified\":\"2021-03-12T19:05:40+00:00\",\"breadcrumb\":{\"@id\":\"https:\/\/orthodontiste-nussbaumer-strasbourg.fr\/de\/urgence\/im-falle-eines-kieferorthopaedischen-notfalls\/#breadcrumb\"},\"inLanguage\":\"de\",\"potentialAction\":[{\"@type\":\"ReadAction\",\"target\":[\"https:\/\/orthodontiste-nussbaumer-strasbourg.fr\/de\/urgence\/im-falle-eines-kieferorthopaedischen-notfalls\/\"]}]},{\"@type\":\"BreadcrumbList\",\"@id\":\"https:\/\/orthodontiste-nussbaumer-strasbourg.fr\/de\/urgence\/im-falle-eines-kieferorthopaedischen-notfalls\/#breadcrumb\",\"itemListElement\":[{\"@type\":\"ListItem\",\"position\":1,\"name\":\"Accueil\",\"item\":\"https:\/\/orthodontiste-nussbaumer-strasbourg.fr\/de\/\"},{\"@type\":\"ListItem\",\"position\":2,\"name\":\"IM FALLE EINES KIEFERORTHOP\u00c4DISCHEN NOTFALLS\"}]},{\"@type\":\"WebSite\",\"@id\":\"https:\/\/orthodontiste-nussbaumer-strasbourg.fr\/de\/#website\",\"url\":\"https:\/\/orthodontiste-nussbaumer-strasbourg.fr\/de\/\",\"name\":\"Dr Jacques Nussbaumer | Orthodontiste \u00e0 Strasbourg (67000)\",\"description\":\"Dr Jacques Nussbaumer | Orthodontiste \u00e0 Strasbourg (67000)\",\"publisher\":{\"@id\":\"https:\/\/orthodontiste-nussbaumer-strasbourg.fr\/de\/#organization\"},\"potentialAction\":[{\"@type\":\"SearchAction\",\"target\":{\"@type\":\"EntryPoint\",\"urlTemplate\":\"https:\/\/orthodontiste-nussbaumer-strasbourg.fr\/de\/?s={search_term_string}\"},\"query-input\":\"required name=search_term_string\"}],\"inLanguage\":\"de\"},{\"@type\":\"Organization\",\"@id\":\"https:\/\/orthodontiste-nussbaumer-strasbourg.fr\/de\/#organization\",\"name\":\"Drs Jacques Nussbaumer et Valerie Diop | Orthodontistes \u00e0 Strasbourg (67000)\",\"url\":\"https:\/\/orthodontiste-nussbaumer-strasbourg.fr\/de\/\",\"logo\":{\"@type\":\"ImageObject\",\"inLanguage\":\"de\",\"@id\":\"https:\/\/orthodontiste-nussbaumer-strasbourg.fr\/de\/#\/schema\/logo\/image\/\",\"url\":\"https:\/\/orthodontiste-nussbaumer-strasbourg.fr\/wp-content\/uploads\/2019\/01\/logo_nav.png\",\"contentUrl\":\"https:\/\/orthodontiste-nussbaumer-strasbourg.fr\/wp-content\/uploads\/2019\/01\/logo_nav.png\",\"width\":295,\"height\":70,\"caption\":\"Drs Jacques Nussbaumer et Valerie Diop | Orthodontistes \u00e0 Strasbourg (67000)\"},\"image\":{\"@id\":\"https:\/\/orthodontiste-nussbaumer-strasbourg.fr\/de\/#\/schema\/logo\/image\/\"}}]}<\/script>\n","yoast_head_json":{"title":"IM FALLE EINES KIEFERORTHOP\u00c4DISCHEN NOTFALLS | Dr Jacques Nussbaumer | Orthodontiste \u00e0 Strasbourg (67000)","robots":{"index":"index","follow":"follow","max-snippet":"max-snippet:-1","max-image-preview":"max-image-preview:large","max-video-preview":"max-video-preview:-1"},"canonical":"https:\/\/orthodontiste-nussbaumer-strasbourg.fr\/de\/urgence\/im-falle-eines-kieferorthopaedischen-notfalls\/","og_locale":"de_DE","og_type":"article","og_title":"IM FALLE EINES KIEFERORTHOP\u00c4DISCHEN NOTFALLS | Dr Jacques Nussbaumer | Orthodontiste \u00e0 Strasbourg (67000)","og_description":"Unbehagen Dies ist eine v\u00f6llig nat\u00fcrliche Reaktion in den ersten drei Tagen bis zu einer Woche nach dem Einf\u00fchren eines Fremdk\u00f6rpers in den Mund. Wenn Sie sich unwohl f\u00fchlen, mehr Speichel haben oder Ausspracheprobleme haben, machen Sie sich keine Sorgen....","og_url":"https:\/\/orthodontiste-nussbaumer-strasbourg.fr\/de\/urgence\/im-falle-eines-kieferorthopaedischen-notfalls\/","og_site_name":"Dr Jacques Nussbaumer | Orthodontiste \u00e0 Strasbourg (67000)","article_modified_time":"2021-03-12T19:05:40+00:00","og_image":[{"width":966,"height":416,"url":"https:\/\/orthodontiste-nussbaumer-strasbourg.fr\/wp-content\/uploads\/2019\/04\/Dr-Jacques-Nussbaumer-URGENCE-ORTHODONTIQUE.jpg","type":"image\/jpeg"}],"twitter_card":"summary_large_image","twitter_misc":{"Gesch\u00e4tzte Lesezeit":"2\u00a0Minuten"},"schema":{"@context":"https:\/\/schema.org","@graph":[{"@type":"WebPage","@id":"https:\/\/orthodontiste-nussbaumer-strasbourg.fr\/de\/urgence\/im-falle-eines-kieferorthopaedischen-notfalls\/","url":"https:\/\/orthodontiste-nussbaumer-strasbourg.fr\/de\/urgence\/im-falle-eines-kieferorthopaedischen-notfalls\/","name":"IM FALLE EINES KIEFERORTHOP\u00c4DISCHEN NOTFALLS | Dr Jacques Nussbaumer | Orthodontiste \u00e0 Strasbourg (67000)","isPartOf":{"@id":"https:\/\/orthodontiste-nussbaumer-strasbourg.fr\/de\/#website"},"datePublished":"2020-08-03T06:44:54+00:00","dateModified":"2021-03-12T19:05:40+00:00","breadcrumb":{"@id":"https:\/\/orthodontiste-nussbaumer-strasbourg.fr\/de\/urgence\/im-falle-eines-kieferorthopaedischen-notfalls\/#breadcrumb"},"inLanguage":"de","potentialAction":[{"@type":"ReadAction","target":["https:\/\/orthodontiste-nussbaumer-strasbourg.fr\/de\/urgence\/im-falle-eines-kieferorthopaedischen-notfalls\/"]}]},{"@type":"BreadcrumbList","@id":"https:\/\/orthodontiste-nussbaumer-strasbourg.fr\/de\/urgence\/im-falle-eines-kieferorthopaedischen-notfalls\/#breadcrumb","itemListElement":[{"@type":"ListItem","position":1,"name":"Accueil","item":"https:\/\/orthodontiste-nussbaumer-strasbourg.fr\/de\/"},{"@type":"ListItem","position":2,"name":"IM FALLE EINES KIEFERORTHOP\u00c4DISCHEN NOTFALLS"}]},{"@type":"WebSite","@id":"https:\/\/orthodontiste-nussbaumer-strasbourg.fr\/de\/#website","url":"https:\/\/orthodontiste-nussbaumer-strasbourg.fr\/de\/","name":"Dr Jacques Nussbaumer | Orthodontiste \u00e0 Strasbourg (67000)","description":"Dr Jacques Nussbaumer | Orthodontiste \u00e0 Strasbourg (67000)","publisher":{"@id":"https:\/\/orthodontiste-nussbaumer-strasbourg.fr\/de\/#organization"},"potentialAction":[{"@type":"SearchAction","target":{"@type":"EntryPoint","urlTemplate":"https:\/\/orthodontiste-nussbaumer-strasbourg.fr\/de\/?s={search_term_string}"},"query-input":"required name=search_term_string"}],"inLanguage":"de"},{"@type":"Organization","@id":"https:\/\/orthodontiste-nussbaumer-strasbourg.fr\/de\/#organization","name":"Drs Jacques Nussbaumer et Valerie Diop | Orthodontistes \u00e0 Strasbourg (67000)","url":"https:\/\/orthodontiste-nussbaumer-strasbourg.fr\/de\/","logo":{"@type":"ImageObject","inLanguage":"de","@id":"https:\/\/orthodontiste-nussbaumer-strasbourg.fr\/de\/#\/schema\/logo\/image\/","url":"https:\/\/orthodontiste-nussbaumer-strasbourg.fr\/wp-content\/uploads\/2019\/01\/logo_nav.png","contentUrl":"https:\/\/orthodontiste-nussbaumer-strasbourg.fr\/wp-content\/uploads\/2019\/01\/logo_nav.png","width":295,"height":70,"caption":"Drs Jacques Nussbaumer et Valerie Diop | Orthodontistes \u00e0 Strasbourg (67000)"},"image":{"@id":"https:\/\/orthodontiste-nussbaumer-strasbourg.fr\/de\/#\/schema\/logo\/image\/"}}]}},"_links":{"self":[{"href":"https:\/\/orthodontiste-nussbaumer-strasbourg.fr\/de\/wp-json\/wp\/v2\/urgence\/1509"}],"collection":[{"href":"https:\/\/orthodontiste-nussbaumer-strasbourg.fr\/de\/wp-json\/wp\/v2\/urgence"}],"about":[{"href":"https:\/\/orthodontiste-nussbaumer-strasbourg.fr\/de\/wp-json\/wp\/v2\/types\/urgence"}],"wp:featuredmedia":[{"embeddable":true,"href":"https:\/\/orthodontiste-nussbaumer-strasbourg.fr\/de\/wp-json\/wp\/v2\/media\/1700"}],"wp:attachment":[{"href":"https:\/\/orthodontiste-nussbaumer-strasbourg.fr\/de\/wp-json\/wp\/v2\/media?parent=1509"}],"curies":[{"name":"wp","href":"https:\/\/api.w.org\/{rel}","templated":true}]}}